{"id":9043,"date":"2026-04-27T22:40:12","date_gmt":"2026-04-27T22:40:12","guid":{"rendered":"https:\/\/abra.org.pt\/?post_type=product&#038;p=9043"},"modified":"2026-04-30T20:48:56","modified_gmt":"2026-04-30T20:48:56","slug":"aurora","status":"publish","type":"product","link":"https:\/\/abra.org.pt\/index.php\/produto\/aurora\/","title":{"rendered":"Aurora"},"content":{"rendered":"","protected":false},"excerpt":{"rendered":"<h3><\/h3>\n<h1><\/h1>\n<p>&nbsp;<\/p>\n<h2 class=\"itemTitle\">Aurora<\/h2>\n<h2 class=\"itemTitle\"><strong style=\"font-size: 16px;\">Data de entrada: 24 de novembro de 2025<\/strong><\/h2>\n<h4><strong>Caracter\u00edsticas:<\/strong><\/h4>\n<h5 data-start=\"65\" data-end=\"304\">A Aurora \u00e9 uma gata adulta que esteve internada durante um longo per\u00edodo de tempo. Felizmente, j\u00e1 teve alta e encontra-se agora no CRO, pronta para come\u00e7ar uma nova etapa da sua vida. \u00c9 uma gatinha meiga que merece uma fam\u00edlia que lhe d\u00ea carinho, seguran\u00e7a e a oportunidade de ser feliz.<\/h5>\n<h2><a href=\"https:\/\/abra.org.pt\/index.php\/adotar\/\">Quero adotar!<\/a><\/h2>\n<div style=\"text-align: left;\">\n<p><a title=\"Aurora\" href=\"https:\/\/www.flickr.com\/photos\/73528242@N04\/albums\/72177720333335950\" data-flickr-embed=\"true\"><img decoding=\"async\" src=\"https:\/\/live.staticflickr.com\/65535\/55235162404_335596bceb_n.jpg\" alt=\"Aurora\" width=\"200\" height=\"100\" \/><\/a><script async src=\"\/\/embedr.flickr.com\/assets\/client-code.js\" charset=\"utf-8\"><\/script><\/p>\n<style>\n .responsive-img {<br \/>    max-width: 100%;<br \/>    height: auto;<br \/>  }<br \/><\/style>\n<\/div>\n","protected":false},"featured_media":9044,"template":"","meta":[],"product_brand":[],"product_cat":[38,29,36],"product_tag":[],"class_list":{"0":"post-9043","1":"product","2":"type-product","3":"status-publish","4":"has-post-thumbnail","6":"product_cat-gatos","7":"product_cat-gatosnocro","8":"product_cat-ultimas-entradas","10":"first","11":"instock","12":"shipping-taxable","13":"product-type-simple"},"_links":{"self":[{"href":"https:\/\/abra.org.pt\/index.php\/wp-json\/wp\/v2\/product\/9043","targetHints":{"allow":["GET"]}}],"collection":[{"href":"https:\/\/abra.org.pt\/index.php\/wp-json\/wp\/v2\/product"}],"about":[{"href":"https:\/\/abra.org.pt\/index.php\/wp-json\/wp\/v2\/types\/product"}],"version-history":[{"count":2,"href":"https:\/\/abra.org.pt\/index.php\/wp-json\/wp\/v2\/product\/9043\/revisions"}],"predecessor-version":[{"id":9056,"href":"https:\/\/abra.org.pt\/index.php\/wp-json\/wp\/v2\/product\/9043\/revisions\/9056"}],"wp:featuredmedia":[{"embeddable":true,"href":"https:\/\/abra.org.pt\/index.php\/wp-json\/wp\/v2\/media\/9044"}],"wp:attachment":[{"href":"https:\/\/abra.org.pt\/index.php\/wp-json\/wp\/v2\/media?parent=9043"}],"wp:term":[{"taxonomy":"product_brand","embeddable":true,"href":"https:\/\/abra.org.pt\/index.php\/wp-json\/wp\/v2\/product_brand?post=9043"},{"taxonomy":"product_cat","embeddable":true,"href":"https:\/\/abra.org.pt\/index.php\/wp-json\/wp\/v2\/product_cat?post=9043"},{"taxonomy":"product_tag","embeddable":true,"href":"https:\/\/abra.org.pt\/index.php\/wp-json\/wp\/v2\/product_tag?post=9043"}],"curies":[{"name":"wp","href":"https:\/\/api.w.org\/{rel}","templated":true}]}}