{"id":8262,"date":"2026-01-01T22:55:00","date_gmt":"2026-01-01T22:55:00","guid":{"rendered":"https:\/\/abra.org.pt\/?post_type=product&#038;p=8262"},"modified":"2026-02-19T18:23:43","modified_gmt":"2026-02-19T18:23:43","slug":"toquinho","status":"publish","type":"product","link":"https:\/\/abra.org.pt\/index.php\/produto\/toquinho\/","title":{"rendered":"Toquinho"},"content":{"rendered":"","protected":false},"excerpt":{"rendered":"<h3><\/h3>\n<h1><\/h1>\n<p>&nbsp;<\/p>\n<h2 class=\"itemTitle\"><strong>Toquinho<\/strong><\/h2>\n<h2 class=\"itemTitle\"><strong style=\"font-size: 16px;\">Data de entrada: 10 de dezembro de 2025<\/strong><\/h2>\n<h4><strong>Caracter\u00edsticas:<\/strong><\/h4>\n<h5 data-start=\"65\" data-end=\"304\">O Toquinho \u00e9 um gato s\u00e9nior, muito meigo e carente, cuja cauda teve de ser amputada por circunst\u00e2ncias que desconhecemos. Procura uma fam\u00edlia que lhe d\u00ea todo o amor que procura.<\/h5>\n<h2><a href=\"https:\/\/abra.org.pt\/index.php\/adotar\/\">Quero adotar!<\/a><\/h2>\n<div style=\"text-align: left;\">\n<p><a data-flickr-embed=\"true\" href=\"https:\/\/www.flickr.com\/photos\/73528242@N04\/albums\/72177720331224777\" title=\"Toquinho\"><img decoding=\"async\" src=\"https:\/\/live.staticflickr.com\/65535\/55018191071_6e6dd83149_z.jpg\" width=\"200\" height=\"100\" alt=\"Toquinho\"\/><\/a><script async src=\"\/\/embedr.flickr.com\/assets\/client-code.js\" charset=\"utf-8\"><\/script><\/p>\n<style>\n .responsive-img {<br \/>    max-width: 100%;<br \/>    height: auto;<br \/>  }<br \/><\/style>\n<\/div>\n","protected":false},"featured_media":8264,"template":"","meta":[],"product_brand":[],"product_cat":[39,38,29],"product_tag":[],"class_list":{"0":"post-8262","1":"product","2":"type-product","3":"status-publish","4":"has-post-thumbnail","6":"product_cat-casos-urgentes","7":"product_cat-gatos","8":"product_cat-gatosnocro","10":"first","11":"instock","12":"shipping-taxable","13":"product-type-simple"},"_links":{"self":[{"href":"https:\/\/abra.org.pt\/index.php\/wp-json\/wp\/v2\/product\/8262","targetHints":{"allow":["GET"]}}],"collection":[{"href":"https:\/\/abra.org.pt\/index.php\/wp-json\/wp\/v2\/product"}],"about":[{"href":"https:\/\/abra.org.pt\/index.php\/wp-json\/wp\/v2\/types\/product"}],"version-history":[{"count":2,"href":"https:\/\/abra.org.pt\/index.php\/wp-json\/wp\/v2\/product\/8262\/revisions"}],"predecessor-version":[{"id":8689,"href":"https:\/\/abra.org.pt\/index.php\/wp-json\/wp\/v2\/product\/8262\/revisions\/8689"}],"wp:featuredmedia":[{"embeddable":true,"href":"https:\/\/abra.org.pt\/index.php\/wp-json\/wp\/v2\/media\/8264"}],"wp:attachment":[{"href":"https:\/\/abra.org.pt\/index.php\/wp-json\/wp\/v2\/media?parent=8262"}],"wp:term":[{"taxonomy":"product_brand","embeddable":true,"href":"https:\/\/abra.org.pt\/index.php\/wp-json\/wp\/v2\/product_brand?post=8262"},{"taxonomy":"product_cat","embeddable":true,"href":"https:\/\/abra.org.pt\/index.php\/wp-json\/wp\/v2\/product_cat?post=8262"},{"taxonomy":"product_tag","embeddable":true,"href":"https:\/\/abra.org.pt\/index.php\/wp-json\/wp\/v2\/product_tag?post=8262"}],"curies":[{"name":"wp","href":"https:\/\/api.w.org\/{rel}","templated":true}]}}