{"id":8033,"date":"2025-11-25T15:25:19","date_gmt":"2025-11-25T15:25:19","guid":{"rendered":"https:\/\/abra.org.pt\/?post_type=product&#038;p=8033"},"modified":"2025-11-25T15:36:28","modified_gmt":"2025-11-25T15:36:28","slug":"apelo-16-2025","status":"publish","type":"product","link":"https:\/\/abra.org.pt\/index.php\/produto\/apelo-16-2025\/","title":{"rendered":"Apelo 16 &#8211; 2025"},"content":{"rendered":"","protected":false},"excerpt":{"rendered":"<h3><\/h3>\n<h1><\/h1>\n<p>&nbsp;<\/p>\n<h1>Apelo 16<\/h1>\n<p><strong>Data em que desapareceu: 20\/10\/2025<\/strong><\/p>\n<h4><strong>Caracter\u00edsticas:<\/strong><\/h4>\n<h5>A Isabel d<span class=\"il\">esapareceu<\/span> em Lij\u00f3, Barcelos, no cruzamento da Rua Oliveiras com a Rua dos Escoteiros, no dia 20 de outubro. Est\u00e1 muito assustada, foge e n\u00e3o se d\u00e1 pelo nome. \u00c9 preta com manchas amarelas, tem duas patas com manchas amarelas e duas pretas. Usa uma coleira com um guizo que brilha no escuro e tem microchip. Se tiver informa\u00e7\u00f5es sobre a localiza\u00e7\u00e3o dela, contacte: 933 603 977 ou 964 446 727.<\/h5>\n<p><a title=\"Isabel (perdidos e achados)\" href=\"https:\/\/www.flickr.com\/photos\/73528242@N04\/albums\/72177720330532985\" data-flickr-embed=\"true\"><img decoding=\"async\" src=\"https:\/\/live.staticflickr.com\/65535\/54946295419_ac6e081a53.jpg\" alt=\"Isabel (perdidos e achados)\" width=\"200\" height=\"100\" \/><\/a><script async src=\"\/\/embedr.flickr.com\/assets\/client-code.js\" charset=\"utf-8\"><\/script><\/p>\n","protected":false},"featured_media":8034,"template":"","meta":[],"product_brand":[],"product_cat":[35],"product_tag":[],"class_list":{"0":"post-8033","1":"product","2":"type-product","3":"status-publish","4":"has-post-thumbnail","6":"product_cat-perdidos-e-achados","8":"first","9":"instock","10":"shipping-taxable","11":"product-type-simple"},"_links":{"self":[{"href":"https:\/\/abra.org.pt\/index.php\/wp-json\/wp\/v2\/product\/8033","targetHints":{"allow":["GET"]}}],"collection":[{"href":"https:\/\/abra.org.pt\/index.php\/wp-json\/wp\/v2\/product"}],"about":[{"href":"https:\/\/abra.org.pt\/index.php\/wp-json\/wp\/v2\/types\/product"}],"version-history":[{"count":2,"href":"https:\/\/abra.org.pt\/index.php\/wp-json\/wp\/v2\/product\/8033\/revisions"}],"predecessor-version":[{"id":8037,"href":"https:\/\/abra.org.pt\/index.php\/wp-json\/wp\/v2\/product\/8033\/revisions\/8037"}],"wp:featuredmedia":[{"embeddable":true,"href":"https:\/\/abra.org.pt\/index.php\/wp-json\/wp\/v2\/media\/8034"}],"wp:attachment":[{"href":"https:\/\/abra.org.pt\/index.php\/wp-json\/wp\/v2\/media?parent=8033"}],"wp:term":[{"taxonomy":"product_brand","embeddable":true,"href":"https:\/\/abra.org.pt\/index.php\/wp-json\/wp\/v2\/product_brand?post=8033"},{"taxonomy":"product_cat","embeddable":true,"href":"https:\/\/abra.org.pt\/index.php\/wp-json\/wp\/v2\/product_cat?post=8033"},{"taxonomy":"product_tag","embeddable":true,"href":"https:\/\/abra.org.pt\/index.php\/wp-json\/wp\/v2\/product_tag?post=8033"}],"curies":[{"name":"wp","href":"https:\/\/api.w.org\/{rel}","templated":true}]}}