{"id":7633,"date":"2025-09-29T14:29:25","date_gmt":"2025-09-29T14:29:25","guid":{"rendered":"https:\/\/abra.org.pt\/?post_type=product&#038;p=7633"},"modified":"2025-09-29T14:38:38","modified_gmt":"2025-09-29T14:38:38","slug":"apelo-15-2025","status":"publish","type":"product","link":"https:\/\/abra.org.pt\/index.php\/produto\/apelo-15-2025\/","title":{"rendered":"Apelo 15 &#8211; 2025"},"content":{"rendered":"","protected":false},"excerpt":{"rendered":"<h3><\/h3>\n<h1><\/h1>\n<p>&nbsp;<\/p>\n<h1>Apelo 15<\/h1>\n<p><strong>Data em que desapareceu: 28\/09\/2025<\/strong><\/p>\n<h4><strong>Caracter\u00edsticas:<\/strong><\/h4>\n<h5 class=\"x14z9mp xat24cr x1lziwak x1vvkbs xtlvy1s x126k92a\">A Manchitas desapareceu na zona de Queluz de Baixo, Oeiras e possui microchip. Se tiver informa\u00e7\u00f5es sobre a localiza\u00e7\u00e3o dela, contacte: 917 001 327.<\/h5>\n<p><a title=\"Manchitas (Perdidos e Achados)\" href=\"https:\/\/www.flickr.com\/photos\/73528242@N04\/albums\/72177720329349113\" data-flickr-embed=\"true\"><img decoding=\"async\" src=\"https:\/\/live.staticflickr.com\/65535\/54820193784_14bb5e0f60.jpg\" alt=\"Manchitas (Perdidos e Achados)\" width=\"200\" height=\"100\" \/><\/a><script async src=\"\/\/embedr.flickr.com\/assets\/client-code.js\" charset=\"utf-8\"><\/script><\/p>\n","protected":false},"featured_media":7625,"template":"","meta":[],"product_brand":[],"product_cat":[35],"product_tag":[],"class_list":{"0":"post-7633","1":"product","2":"type-product","3":"status-publish","4":"has-post-thumbnail","6":"product_cat-perdidos-e-achados","8":"first","9":"instock","10":"shipping-taxable","11":"product-type-simple"},"_links":{"self":[{"href":"https:\/\/abra.org.pt\/index.php\/wp-json\/wp\/v2\/product\/7633","targetHints":{"allow":["GET"]}}],"collection":[{"href":"https:\/\/abra.org.pt\/index.php\/wp-json\/wp\/v2\/product"}],"about":[{"href":"https:\/\/abra.org.pt\/index.php\/wp-json\/wp\/v2\/types\/product"}],"version-history":[{"count":1,"href":"https:\/\/abra.org.pt\/index.php\/wp-json\/wp\/v2\/product\/7633\/revisions"}],"predecessor-version":[{"id":7634,"href":"https:\/\/abra.org.pt\/index.php\/wp-json\/wp\/v2\/product\/7633\/revisions\/7634"}],"wp:featuredmedia":[{"embeddable":true,"href":"https:\/\/abra.org.pt\/index.php\/wp-json\/wp\/v2\/media\/7625"}],"wp:attachment":[{"href":"https:\/\/abra.org.pt\/index.php\/wp-json\/wp\/v2\/media?parent=7633"}],"wp:term":[{"taxonomy":"product_brand","embeddable":true,"href":"https:\/\/abra.org.pt\/index.php\/wp-json\/wp\/v2\/product_brand?post=7633"},{"taxonomy":"product_cat","embeddable":true,"href":"https:\/\/abra.org.pt\/index.php\/wp-json\/wp\/v2\/product_cat?post=7633"},{"taxonomy":"product_tag","embeddable":true,"href":"https:\/\/abra.org.pt\/index.php\/wp-json\/wp\/v2\/product_tag?post=7633"}],"curies":[{"name":"wp","href":"https:\/\/api.w.org\/{rel}","templated":true}]}}