{"id":5825,"date":"2025-04-02T17:54:36","date_gmt":"2025-04-02T17:54:36","guid":{"rendered":"https:\/\/abra.org.pt\/?post_type=product&#038;p=5825"},"modified":"2026-01-29T22:36:07","modified_gmt":"2026-01-29T22:36:07","slug":"felix","status":"publish","type":"product","link":"https:\/\/abra.org.pt\/index.php\/produto\/felix\/","title":{"rendered":"F\u00e9lix"},"content":{"rendered":"","protected":false},"excerpt":{"rendered":"<h3><\/h3>\n<h1><\/h1>\n<p>&nbsp;<\/p>\n<h2 class=\"itemTitle\"><span data-sheets-root=\"1\">F\u00e9lix<\/span><\/h2>\n<p><strong>Data de entrada: 17 de mar\u00e7o de 2025<\/strong><\/p>\n<h4><strong>Caracter\u00edsticas:<\/strong><\/h4>\n<h5>O F\u00e9lix deu entrada no CRO com as suas duas irm\u00e3s, Cleo e Leila. \u00c9 um c\u00e3o d\u00f3cil e soci\u00e1vel, que procura uma fam\u00edlia para sempre.<\/h5>\n<h2><a href=\"https:\/\/abra.org.pt\/index.php\/adotar\/\">Quero adotar!<\/a><\/h2>\n<div style=\"text-align: left;\">\n<p><a title=\"F\u00e9lix\" href=\"https:\/\/www.flickr.com\/photos\/73528242@N04\/albums\/72177720324830441\" data-flickr-embed=\"true\"><img decoding=\"async\" src=\"https:\/\/live.staticflickr.com\/65535\/55067756124_6ba9eb5b39_c.jpg\" alt=\"F\u00e9lix\" width=\"200\" height=\"100\" \/><\/a><script async src=\"\/\/embedr.flickr.com\/assets\/client-code.js\" charset=\"utf-8\"><\/script><\/p>\n<style>\n  .responsive-img {<br \/>    max-width: 100%;<br \/>    height: auto;<br \/>  }<br \/><\/style>\n<\/div>\n<p><script async src=\"\/\/embedr.flickr.com\/assets\/client-code.js\" charset=\"utf-8\"><\/script><\/p>\n<h5>\n<style>\n  .responsive-img {<br \/>    max-width: 100%;<br \/>    height: auto;<br \/>  }<br \/><\/style>\n<\/h5>\n","protected":false},"featured_media":8483,"template":"","meta":[],"product_brand":[],"product_cat":[37,28,39,36],"product_tag":[],"class_list":{"0":"post-5825","1":"product","2":"type-product","3":"status-publish","4":"has-post-thumbnail","6":"product_cat-caes","7":"product_cat-caesnocro","8":"product_cat-casos-urgentes","9":"product_cat-ultimas-entradas","11":"first","12":"instock","13":"shipping-taxable","14":"product-type-simple"},"_links":{"self":[{"href":"https:\/\/abra.org.pt\/index.php\/wp-json\/wp\/v2\/product\/5825","targetHints":{"allow":["GET"]}}],"collection":[{"href":"https:\/\/abra.org.pt\/index.php\/wp-json\/wp\/v2\/product"}],"about":[{"href":"https:\/\/abra.org.pt\/index.php\/wp-json\/wp\/v2\/types\/product"}],"version-history":[{"count":9,"href":"https:\/\/abra.org.pt\/index.php\/wp-json\/wp\/v2\/product\/5825\/revisions"}],"predecessor-version":[{"id":8494,"href":"https:\/\/abra.org.pt\/index.php\/wp-json\/wp\/v2\/product\/5825\/revisions\/8494"}],"wp:featuredmedia":[{"embeddable":true,"href":"https:\/\/abra.org.pt\/index.php\/wp-json\/wp\/v2\/media\/8483"}],"wp:attachment":[{"href":"https:\/\/abra.org.pt\/index.php\/wp-json\/wp\/v2\/media?parent=5825"}],"wp:term":[{"taxonomy":"product_brand","embeddable":true,"href":"https:\/\/abra.org.pt\/index.php\/wp-json\/wp\/v2\/product_brand?post=5825"},{"taxonomy":"product_cat","embeddable":true,"href":"https:\/\/abra.org.pt\/index.php\/wp-json\/wp\/v2\/product_cat?post=5825"},{"taxonomy":"product_tag","embeddable":true,"href":"https:\/\/abra.org.pt\/index.php\/wp-json\/wp\/v2\/product_tag?post=5825"}],"curies":[{"name":"wp","href":"https:\/\/api.w.org\/{rel}","templated":true}]}}