{"id":4430,"date":"2024-09-23T22:09:02","date_gmt":"2024-09-23T22:09:02","guid":{"rendered":"https:\/\/blissful-lederberg.94-46-22-133.plesk.page\/?post_type=product&#038;p=4430"},"modified":"2024-09-23T22:14:52","modified_gmt":"2024-09-23T22:14:52","slug":"mike","status":"publish","type":"product","link":"https:\/\/abra.org.pt\/index.php\/produto\/mike\/","title":{"rendered":"Mike"},"content":{"rendered":"","protected":false},"excerpt":{"rendered":"<h3><\/h3>\n<h1><\/h1>\n<p>&nbsp;<\/p>\n<h1>Mike<\/h1>\n<p><strong>Data do pedido: 10 de agosto de 2024<\/strong><\/p>\n<h4><strong>Caracter\u00edsticas:<\/strong><\/h4>\n<h5>O nome \u00e9 Mike, \u00e9 um perdigueiro Portugu\u00eas com 4 anos castrado com chip e vacinas em dia. \u00c9 muito d\u00f3cil e d\u00e1-se bem com outras pessoas e c\u00e3es. N\u00e3o \u00e9 aconselh\u00e1vel para quintais onde tenham animais pequenos pois tenta apanh\u00e1-los.<\/h5>\n<h5><strong>Contacto para adop\u00e7\u00e3o: <span data-sheets-root=\"1\" data-sheets-value=\"{&quot;1&quot;:3,&quot;3&quot;:936494813}\" data-sheets-userformat=\"{&quot;2&quot;:6723,&quot;3&quot;:{&quot;1&quot;:0},&quot;4&quot;:{&quot;1&quot;:2,&quot;2&quot;:16777215},&quot;9&quot;:2,&quot;12&quot;:0,&quot;14&quot;:{&quot;1&quot;:2,&quot;2&quot;:0},&quot;15&quot;:&quot;docs-Montserrat&quot;}\">91 426 01 27<\/span><\/strong><\/h5>\n<style>\n  .responsive-img {<br \/>    max-width: 100%;<br \/>    height: auto;<br \/>  }<br \/><\/style>\n<p><a data-flickr-embed=\"true\" href=\"https:\/\/www.flickr.com\/photos\/73528242@N04\/albums\/72177720319449123\" title=\"PE - Mike\"><img decoding=\"async\" src=\"https:\/\/live.staticflickr.com\/65535\/53913350067_4d54db7e6c.jpg\" width=\"200\" height=\"100\" alt=\"PE - Mike\"\/><\/a><script async src=\"\/\/embedr.flickr.com\/assets\/client-code.js\" charset=\"utf-8\"><\/script><\/p>\n<style>\n  .responsive-img {<br \/>    max-width: 100%;<br \/>    height: auto;<br \/>  }<br \/><\/style>\n","protected":false},"featured_media":4431,"template":"","meta":[],"product_brand":[],"product_cat":[37,34],"product_tag":[],"class_list":{"0":"post-4430","1":"product","2":"type-product","3":"status-publish","4":"has-post-thumbnail","6":"product_cat-caes","7":"product_cat-pedidos-externos","9":"first","10":"instock","11":"shipping-taxable","12":"product-type-simple"},"_links":{"self":[{"href":"https:\/\/abra.org.pt\/index.php\/wp-json\/wp\/v2\/product\/4430","targetHints":{"allow":["GET"]}}],"collection":[{"href":"https:\/\/abra.org.pt\/index.php\/wp-json\/wp\/v2\/product"}],"about":[{"href":"https:\/\/abra.org.pt\/index.php\/wp-json\/wp\/v2\/types\/product"}],"version-history":[{"count":1,"href":"https:\/\/abra.org.pt\/index.php\/wp-json\/wp\/v2\/product\/4430\/revisions"}],"predecessor-version":[{"id":4432,"href":"https:\/\/abra.org.pt\/index.php\/wp-json\/wp\/v2\/product\/4430\/revisions\/4432"}],"wp:featuredmedia":[{"embeddable":true,"href":"https:\/\/abra.org.pt\/index.php\/wp-json\/wp\/v2\/media\/4431"}],"wp:attachment":[{"href":"https:\/\/abra.org.pt\/index.php\/wp-json\/wp\/v2\/media?parent=4430"}],"wp:term":[{"taxonomy":"product_brand","embeddable":true,"href":"https:\/\/abra.org.pt\/index.php\/wp-json\/wp\/v2\/product_brand?post=4430"},{"taxonomy":"product_cat","embeddable":true,"href":"https:\/\/abra.org.pt\/index.php\/wp-json\/wp\/v2\/product_cat?post=4430"},{"taxonomy":"product_tag","embeddable":true,"href":"https:\/\/abra.org.pt\/index.php\/wp-json\/wp\/v2\/product_tag?post=4430"}],"curies":[{"name":"wp","href":"https:\/\/api.w.org\/{rel}","templated":true}]}}