{"id":3585,"date":"2024-03-11T14:59:52","date_gmt":"2024-03-11T14:59:52","guid":{"rendered":"https:\/\/blissful-lederberg.94-46-22-133.plesk.page\/?post_type=product&#038;p=3585"},"modified":"2025-12-15T17:44:05","modified_gmt":"2025-12-15T17:44:05","slug":"pretho","status":"publish","type":"product","link":"https:\/\/abra.org.pt\/index.php\/produto\/pretho\/","title":{"rendered":"Pretho"},"content":{"rendered":"","protected":false},"excerpt":{"rendered":"<h3><\/h3>\n<h1><\/h1>\n<p>&nbsp;<\/p>\n<h2 class=\"itemTitle\">Pretho<\/h2>\n<p><strong>Data de entrada: 5 de fevereiro 2024<\/strong><\/p>\n<h4><strong>Caracter\u00edsticas:<\/strong><\/h4>\n<h5>Resgatado de uma situa\u00e7\u00e3o de maus-tratos, junto com o seu irm\u00e3o Pintas, em janeiro de 2024, continua a enfrentar desafios de sa\u00fade. Al\u00e9m de ser um c\u00e3o s\u00e9nior, precisa de cuidados especiais: foi-lhe diagnosticada dermatite at\u00f3pica e alergias, necessitando de uma dieta \u00e0 base de ra\u00e7\u00e3o hipoalerg\u00e9nica. Recentemente, passou por uma cirurgia para remo\u00e7\u00e3o de um n\u00f3dulo no olho, cuja bi\u00f3psia revelou ser um adenoma da gl\u00e2ndula de Meib\u00f3mio. Durante este per\u00edodo de recupera\u00e7\u00e3o, est\u00e1 tamb\u00e9m a fazer tratamento para uma otite. Para cobrir os custos destes tratamentos e da sua dieta especial, precisamos de reunir 250 \u20ac. Se puder contribuir, qualquer ajuda far\u00e1 toda a diferen\u00e7a na vida do Pretho! Poder\u00e1 fazer um donativo atrav\u00e9s dos seguintes meios:<\/p>\n<p>Transfer\u00eancia Banc\u00e1ria: NIB 0033 0000 45291630620 05 (Banco Millennium)<br \/>\nMBWay: +351 910 439 308<br \/>\nPayPal: M8EEG3S9VW9R4<\/h5>\n<h5>Apesar de tudo o que passou, o Pretho mant\u00e9m um olhar doce e um cora\u00e7\u00e3o pronto para confiar novamente. S\u00f3 precisa de algu\u00e9m que o veja como merece: um verdadeiro membro da fam\u00edlia! Se sente que pode dar ao Pretho o final feliz que ele tanto merece, entre em contacto connosco.<\/h5>\n<h2><a href=\"https:\/\/abra.org.pt\/index.php\/adotar\/\">Quero adotar!<\/a><\/h2>\n<div style=\"text-align: left;\">\n<p><a title=\"Pretho\" href=\"https:\/\/www.flickr.com\/photos\/73528242@N04\/albums\/72177720314584620\" data-flickr-embed=\"true\"><img decoding=\"async\" src=\"https:\/\/live.staticflickr.com\/65535\/53509847992_3acae8e5c5.jpg\" alt=\"Pretho\" width=\"200\" height=\"100\" \/><\/a><script async src=\"\/\/embedr.flickr.com\/assets\/client-code.js\" charset=\"utf-8\"><\/script><\/p>\n<style>\n  .responsive-img {<br \/>    max-width: 100%;<br \/>    height: auto;<br \/>  }<br \/><\/style>\n<\/div>\n<p><script async src=\"\/\/embedr.flickr.com\/assets\/client-code.js\" charset=\"utf-8\"><\/script><\/p>\n<style>\n  .responsive-img {<br \/>    max-width: 100%;<br \/>    height: auto;<br \/>  }<br \/><\/style>\n","protected":false},"featured_media":3586,"template":"","meta":[],"product_brand":[],"product_cat":[37,28,39],"product_tag":[],"class_list":{"0":"post-3585","1":"product","2":"type-product","3":"status-publish","4":"has-post-thumbnail","6":"product_cat-caes","7":"product_cat-caesnocro","8":"product_cat-casos-urgentes","10":"first","11":"instock","12":"shipping-taxable","13":"product-type-simple"},"_links":{"self":[{"href":"https:\/\/abra.org.pt\/index.php\/wp-json\/wp\/v2\/product\/3585","targetHints":{"allow":["GET"]}}],"collection":[{"href":"https:\/\/abra.org.pt\/index.php\/wp-json\/wp\/v2\/product"}],"about":[{"href":"https:\/\/abra.org.pt\/index.php\/wp-json\/wp\/v2\/types\/product"}],"version-history":[{"count":6,"href":"https:\/\/abra.org.pt\/index.php\/wp-json\/wp\/v2\/product\/3585\/revisions"}],"predecessor-version":[{"id":5796,"href":"https:\/\/abra.org.pt\/index.php\/wp-json\/wp\/v2\/product\/3585\/revisions\/5796"}],"wp:featuredmedia":[{"embeddable":true,"href":"https:\/\/abra.org.pt\/index.php\/wp-json\/wp\/v2\/media\/3586"}],"wp:attachment":[{"href":"https:\/\/abra.org.pt\/index.php\/wp-json\/wp\/v2\/media?parent=3585"}],"wp:term":[{"taxonomy":"product_brand","embeddable":true,"href":"https:\/\/abra.org.pt\/index.php\/wp-json\/wp\/v2\/product_brand?post=3585"},{"taxonomy":"product_cat","embeddable":true,"href":"https:\/\/abra.org.pt\/index.php\/wp-json\/wp\/v2\/product_cat?post=3585"},{"taxonomy":"product_tag","embeddable":true,"href":"https:\/\/abra.org.pt\/index.php\/wp-json\/wp\/v2\/product_tag?post=3585"}],"curies":[{"name":"wp","href":"https:\/\/api.w.org\/{rel}","templated":true}]}}