{"id":10148,"date":"2026-08-21T09:39:27","date_gmt":"2026-08-21T09:39:27","guid":{"rendered":"https:\/\/abra.org.pt\/?post_type=product&#038;p=10148"},"modified":"2026-08-21T09:43:08","modified_gmt":"2026-08-21T09:43:08","slug":"ricotta-e-mozzarella","status":"publish","type":"product","link":"https:\/\/abra.org.pt\/index.php\/produto\/ricotta-e-mozzarella\/","title":{"rendered":"Ricotta e Mozzarella"},"content":{"rendered":"","protected":false},"excerpt":{"rendered":"<h3><\/h3>\n<h1><\/h1>\n<p>&nbsp;<\/p>\n<h1>Ricotta e Mozzarella<\/h1>\n<p><strong>Data do pedido: 18 de agosto de 2026<\/strong><\/p>\n<h4><strong>Caracter\u00edsticas:<\/strong><\/h4>\n<h5>&#8220;PARA ADO\u00c7\u00c3O CONJUNTA<br \/>\nRicotta (preta) &#8211; idade estimada de 6 meses<br \/>\nMozzarella (tricolor) &#8211; 8 semanas<br \/>\nFELV + \/ FIV &#8211;<br \/>\nEm junho de 2026 encontrei na rua a gatinha preta nas fotos, que entretanto apelidamos de Ricotta, com os seus tr\u00eas beb\u00e9s acabados de nascer. Uma amiga, de extremo amor e dedica\u00e7\u00e3o aos animais, acabou por os acolher em sua casa temporariamente como FAT (fam\u00edlia de acolhimento tempor\u00e1rio). Entretanto, o teste para FeLV (v\u00edrus da leucemia felina) da m\u00e3e revelou-se positivo. Dois dos tr\u00eas beb\u00e9s estavam com as c\u00e9lulas de defesa praticamente a zero, tendo desenvolvido uma infe\u00e7\u00e3o grave com necessidade de internamento. Neste momento, temos apta para ado\u00e7\u00e3o a m\u00e3e e a beb\u00e9 tricolor (que apelidamos de Mozzarella), que se encontram bem de sa\u00fade, ainda que para sempre requeiram maior vigil\u00e2ncia e cuidados dado o diagn\u00f3stico de FeLV (da m\u00e3e formalmente, mas com alta probabilidade da filha ser portadora do v\u00edrus tamb\u00e9m). Por este mesmo motivo, apenas poder\u00e3o ir para um lar sem que tenham acesso ao exterior e para uma fam\u00edlia que n\u00e3o tenha gatos\/as ou que tenha gatos\/as FeLV+. Ser\u00e3o entregues desparasitadas, com plano de vacina\u00e7\u00e3o atualizado, com chip e esterilizadas\/com esteriliza\u00e7\u00e3o programada. Para mais informa\u00e7\u00f5es por favor contactar 914195356. Zona Gaia\/Porto, mas podemos contribuir no transporte dos animais para outros distritos.&#8221;<\/h5>\n<p>&nbsp;<\/p>\n<style>\n  .responsive-img {<br \/>    max-width: 100%;<br \/>    height: auto;<br \/>  }<br \/><\/style>\n<p><a data-flickr-embed=\"true\" href=\"https:\/\/www.flickr.com\/photos\/73528242@N04\/albums\/72177720335237238\" title=\"PE - Ricotta-Mozza\"><img decoding=\"async\" src=\"https:\/\/live.staticflickr.com\/65535\/55478096558_d16a9f88e9.jpg\" width=\"200\" height=\"100\" alt=\"PE - Ricotta-Mozza\"\/><\/a><script async src=\"\/\/embedr.flickr.com\/assets\/client-code.js\" charset=\"utf-8\"><\/script><\/p>\n<style>\n  .responsive-img {<br \/>    max-width: 100%;<br \/>    height: auto;<br \/>  }<br \/><\/style>\n","protected":false},"featured_media":10144,"template":"","meta":[],"product_brand":[],"product_cat":[38,40],"product_tag":[],"class_list":["post-10148","product","type-product","status-publish","has-post-thumbnail","product_cat-gatos","product_cat-pedidos-externos-gatos","first","instock","shipping-taxable","product-type-simple"],"_links":{"self":[{"href":"https:\/\/abra.org.pt\/index.php\/wp-json\/wp\/v2\/product\/10148","targetHints":{"allow":["GET"]}}],"collection":[{"href":"https:\/\/abra.org.pt\/index.php\/wp-json\/wp\/v2\/product"}],"about":[{"href":"https:\/\/abra.org.pt\/index.php\/wp-json\/wp\/v2\/types\/product"}],"version-history":[{"count":1,"href":"https:\/\/abra.org.pt\/index.php\/wp-json\/wp\/v2\/product\/10148\/revisions"}],"predecessor-version":[{"id":10149,"href":"https:\/\/abra.org.pt\/index.php\/wp-json\/wp\/v2\/product\/10148\/revisions\/10149"}],"wp:featuredmedia":[{"embeddable":true,"href":"https:\/\/abra.org.pt\/index.php\/wp-json\/wp\/v2\/media\/10144"}],"wp:attachment":[{"href":"https:\/\/abra.org.pt\/index.php\/wp-json\/wp\/v2\/media?parent=10148"}],"wp:term":[{"taxonomy":"product_brand","embeddable":true,"href":"https:\/\/abra.org.pt\/index.php\/wp-json\/wp\/v2\/product_brand?post=10148"},{"taxonomy":"product_cat","embeddable":true,"href":"https:\/\/abra.org.pt\/index.php\/wp-json\/wp\/v2\/product_cat?post=10148"},{"taxonomy":"product_tag","embeddable":true,"href":"https:\/\/abra.org.pt\/index.php\/wp-json\/wp\/v2\/product_tag?post=10148"}],"curies":[{"name":"wp","href":"https:\/\/api.w.org\/{rel}","templated":true}]}}